{"id":40,"date":"2022-05-26T20:47:15","date_gmt":"2022-05-26T18:47:15","guid":{"rendered":"http:\/\/1001productions.net\/?page_id=40"},"modified":"2022-05-27T08:33:54","modified_gmt":"2022-05-27T06:33:54","slug":"filmographie","status":"publish","type":"page","link":"http:\/\/1001productions.net\/index.php\/filmographie\/","title":{"rendered":"Filmographie"},"content":{"rendered":"\n<div class=\"wp-container-1 wp-block-group\"><div class=\"wp-block-group__inner-container\">\n<figure class=\"wp-block-table is-style-stripes\"><table class=\"has-fixed-layout\"><tbody><tr><td><br><a href=\"http:\/\/1001productions.net\/index.php\/seule-autour-du-monde\/\" data-type=\"page\" data-id=\"75\"><img loading=\"lazy\" width=\"986\" height=\"1343\" class=\"wp-image-78\" style=\"width: 150px;\" src=\"http:\/\/1001productions.net\/wp-content\/uploads\/2022\/05\/SEULE_120X160_1-1-glissees.jpg\" alt=\"\" srcset=\"http:\/\/1001productions.net\/wp-content\/uploads\/2022\/05\/SEULE_120X160_1-1-glissees.jpg 986w, http:\/\/1001productions.net\/wp-content\/uploads\/2022\/05\/SEULE_120X160_1-1-glissees-220x300.jpg 220w, http:\/\/1001productions.net\/wp-content\/uploads\/2022\/05\/SEULE_120X160_1-1-glissees-752x1024.jpg 752w, http:\/\/1001productions.net\/wp-content\/uploads\/2022\/05\/SEULE_120X160_1-1-glissees-768x1046.jpg 768w\" sizes=\"(max-width: 986px) 100vw, 986px\" \/><\/a><br><a href=\"http:\/\/1001productions.net\/index.php\/seule-autour-du-monde\/\"><strong>SEULE AUTOUR DU MONDE\u00a0<\/strong>d\u2019Edouard Mauriat (2022<\/a>)<br>Long m\u00e9trage documentaire<strong>\u00a0<\/strong><br><br><br><a href=\"http:\/\/1001productions.net\/index.php\/ocean-fifty-saison-1\/\" data-type=\"page\" data-id=\"71\"><img loading=\"lazy\" width=\"2560\" height=\"1439\" class=\"wp-image-148\" style=\"width: 250px;\" src=\"http:\/\/1001productions.net\/wp-content\/uploads\/2022\/05\/Photo_Ocean-Fifty-scaled.jpg\" alt=\"\" srcset=\"http:\/\/1001productions.net\/wp-content\/uploads\/2022\/05\/Photo_Ocean-Fifty-scaled.jpg 2560w, http:\/\/1001productions.net\/wp-content\/uploads\/2022\/05\/Photo_Ocean-Fifty-300x169.jpg 300w, http:\/\/1001productions.net\/wp-content\/uploads\/2022\/05\/Photo_Ocean-Fifty-1024x576.jpg 1024w, http:\/\/1001productions.net\/wp-content\/uploads\/2022\/05\/Photo_Ocean-Fifty-768x432.jpg 768w, http:\/\/1001productions.net\/wp-content\/uploads\/2022\/05\/Photo_Ocean-Fifty-1536x864.jpg 1536w, http:\/\/1001productions.net\/wp-content\/uploads\/2022\/05\/Photo_Ocean-Fifty-2048x1152.jpg 2048w\" sizes=\"(max-width: 2560px) 100vw, 2560px\" \/><\/a> <br><a href=\"http:\/\/1001productions.net\/index.php\/ocean-fifty-saison-1\/\"><strong>OCEAN FIFTY<\/strong> SAISON 1 : 4 x 52 minutes d&rsquo;Edouard Mauriat (2022)<\/a><br>S\u00e9rie documentaire de sport diffus\u00e9e sur Canal Plus et MyCanal<br><br><br> <a href=\"http:\/\/1001productions.net\/index.php\/slalom\/\" data-type=\"page\" data-id=\"61\"><img loading=\"lazy\" width=\"1721\" height=\"2560\" class=\"wp-image-59\" style=\"width: 150px;\" src=\"http:\/\/1001productions.net\/wp-content\/uploads\/2022\/05\/Affiche-scaled.jpg\" alt=\"\" srcset=\"http:\/\/1001productions.net\/wp-content\/uploads\/2022\/05\/Affiche-scaled.jpg 1721w, http:\/\/1001productions.net\/wp-content\/uploads\/2022\/05\/Affiche-202x300.jpg 202w, http:\/\/1001productions.net\/wp-content\/uploads\/2022\/05\/Affiche-688x1024.jpg 688w, http:\/\/1001productions.net\/wp-content\/uploads\/2022\/05\/Affiche-768x1142.jpg 768w, http:\/\/1001productions.net\/wp-content\/uploads\/2022\/05\/Affiche-1033x1536.jpg 1033w, http:\/\/1001productions.net\/wp-content\/uploads\/2022\/05\/Affiche-1377x2048.jpg 1377w, http:\/\/1001productions.net\/wp-content\/uploads\/2022\/05\/Affiche-1568x2332.jpg 1568w\" sizes=\"(max-width: 1721px) 100vw, 1721px\" \/><\/a><br><a href=\"http:\/\/1001productions.net\/index.php\/slalom\/\"><strong>SLALOM<em>\u00a0<\/em><\/strong>de Charl\u00e8ne Favier (2021)<\/a><br>Avec No\u00e9 Abita et J\u00e9r\u00e9mie R\u00e9nier <br><strong><em>En s\u00e9lection officielle &#8211; Festival de Cannes 2020 <\/em><\/strong><br><strong><em>Nomination C\u00e9sar du meilleur premier film et r\u00e9v\u00e9lation f\u00e9minine 202<\/em>2\u00a0<\/strong><br><br><br><a href=\"http:\/\/1001productions.net\/index.php\/letat-sauvage\/\" data-type=\"page\" data-id=\"118\"><img loading=\"lazy\" width=\"1920\" height=\"2560\" class=\"wp-image-89\" style=\"width: 150px;\" src=\"http:\/\/1001productions.net\/wp-content\/uploads\/2022\/05\/letatsauvageok-scaled.jpg\" alt=\"\" srcset=\"http:\/\/1001productions.net\/wp-content\/uploads\/2022\/05\/letatsauvageok-scaled.jpg 1920w, http:\/\/1001productions.net\/wp-content\/uploads\/2022\/05\/letatsauvageok-225x300.jpg 225w, http:\/\/1001productions.net\/wp-content\/uploads\/2022\/05\/letatsauvageok-768x1024.jpg 768w, http:\/\/1001productions.net\/wp-content\/uploads\/2022\/05\/letatsauvageok-1152x1536.jpg 1152w, http:\/\/1001productions.net\/wp-content\/uploads\/2022\/05\/letatsauvageok-1536x2048.jpg 1536w\" sizes=\"(max-width: 1920px) 100vw, 1920px\" \/><\/a><br><a href=\"http:\/\/1001productions.net\/index.php\/letat-sauvage\/\"><strong>L\u2019ETAT SAUVAGE\u00a0<\/strong>de David Perrault (2020)<\/a><br>Avec Alice Isaaz, Kevin Janssens, Kate Moran, Deborah Fran\u00e7ois<strong>\u00a0<\/strong><br><br><br><a href=\"http:\/\/1001productions.net\/index.php\/a-nous-de-jouer\/\" data-type=\"page\" data-id=\"122\"><img loading=\"lazy\" width=\"1134\" height=\"1701\" class=\"wp-image-90\" style=\"width: 150px;\" src=\"http:\/\/1001productions.net\/wp-content\/uploads\/2022\/05\/jour2fete-A-NOUS-DE-JOUER-affiche-WEB.jpg\" alt=\"\" srcset=\"http:\/\/1001productions.net\/wp-content\/uploads\/2022\/05\/jour2fete-A-NOUS-DE-JOUER-affiche-WEB.jpg 1134w, http:\/\/1001productions.net\/wp-content\/uploads\/2022\/05\/jour2fete-A-NOUS-DE-JOUER-affiche-WEB-200x300.jpg 200w, http:\/\/1001productions.net\/wp-content\/uploads\/2022\/05\/jour2fete-A-NOUS-DE-JOUER-affiche-WEB-683x1024.jpg 683w, http:\/\/1001productions.net\/wp-content\/uploads\/2022\/05\/jour2fete-A-NOUS-DE-JOUER-affiche-WEB-768x1152.jpg 768w, http:\/\/1001productions.net\/wp-content\/uploads\/2022\/05\/jour2fete-A-NOUS-DE-JOUER-affiche-WEB-1024x1536.jpg 1024w\" sizes=\"(max-width: 1134px) 100vw, 1134px\" \/><\/a><br><a href=\"http:\/\/1001productions.net\/index.php\/a-nous-de-jouer\/\"><strong>A NOUS DE JOUER\u00a0<\/strong>d\u2019Antoine Fromental (2017)<\/a><br>Long m\u00e9trage documentaire<strong>\u00a0<\/strong><br><br><br><a href=\"http:\/\/1001productions.net\/index.php\/ciel-rouge\/\" data-type=\"page\" data-id=\"125\"><img loading=\"lazy\" width=\"1376\" height=\"2056\" class=\"wp-image-91\" style=\"width: 150px;\" src=\"http:\/\/1001productions.net\/wp-content\/uploads\/2022\/05\/Affiche-CIEL-ROUGE-affiche-WEB.jpg\" alt=\"\" srcset=\"http:\/\/1001productions.net\/wp-content\/uploads\/2022\/05\/Affiche-CIEL-ROUGE-affiche-WEB.jpg 1376w, http:\/\/1001productions.net\/wp-content\/uploads\/2022\/05\/Affiche-CIEL-ROUGE-affiche-WEB-201x300.jpg 201w, http:\/\/1001productions.net\/wp-content\/uploads\/2022\/05\/Affiche-CIEL-ROUGE-affiche-WEB-685x1024.jpg 685w, http:\/\/1001productions.net\/wp-content\/uploads\/2022\/05\/Affiche-CIEL-ROUGE-affiche-WEB-768x1148.jpg 768w, http:\/\/1001productions.net\/wp-content\/uploads\/2022\/05\/Affiche-CIEL-ROUGE-affiche-WEB-1028x1536.jpg 1028w, http:\/\/1001productions.net\/wp-content\/uploads\/2022\/05\/Affiche-CIEL-ROUGE-affiche-WEB-1371x2048.jpg 1371w\" sizes=\"(max-width: 1376px) 100vw, 1376px\" \/><\/a><br><a href=\"http:\/\/1001productions.net\/index.php\/ciel-rouge\/\"><strong>CIEL ROUGE<\/strong>\u00a0d\u2019Olivier Lorelle (2017)<\/a><br>Avec\u00a0: Audrey Giacomini et Cyril Descours<strong>\u00a0<\/strong><br><br><br><a href=\"http:\/\/1001productions.net\/index.php\/merci-patron\/\" data-type=\"page\" data-id=\"128\"><img loading=\"lazy\" width=\"1707\" height=\"2560\" class=\"wp-image-92\" style=\"width: 150px;\" src=\"http:\/\/1001productions.net\/wp-content\/uploads\/2022\/05\/Affiche_merci-patron_soulcie40X60-1-scaled-1.jpg\" alt=\"\" srcset=\"http:\/\/1001productions.net\/wp-content\/uploads\/2022\/05\/Affiche_merci-patron_soulcie40X60-1-scaled-1.jpg 1707w, http:\/\/1001productions.net\/wp-content\/uploads\/2022\/05\/Affiche_merci-patron_soulcie40X60-1-scaled-1-200x300.jpg 200w, http:\/\/1001productions.net\/wp-content\/uploads\/2022\/05\/Affiche_merci-patron_soulcie40X60-1-scaled-1-683x1024.jpg 683w, http:\/\/1001productions.net\/wp-content\/uploads\/2022\/05\/Affiche_merci-patron_soulcie40X60-1-scaled-1-768x1152.jpg 768w, http:\/\/1001productions.net\/wp-content\/uploads\/2022\/05\/Affiche_merci-patron_soulcie40X60-1-scaled-1-1024x1536.jpg 1024w, http:\/\/1001productions.net\/wp-content\/uploads\/2022\/05\/Affiche_merci-patron_soulcie40X60-1-scaled-1-1366x2048.jpg 1366w\" sizes=\"(max-width: 1707px) 100vw, 1707px\" \/><\/a><br><a href=\"http:\/\/1001productions.net\/index.php\/merci-patron\/\"><strong>MERCI PATRON<\/strong>\u00a0de Fran\u00e7ois Ruffin (f\u00e9vrier 2016)<\/a><br>Long m\u00e9trage documentaire <br><strong><em>C\u00e9sar du meilleur film documentaire 2016<\/em><\/strong>\u00a0<br><br><br><img loading=\"lazy\" width=\"229\" height=\"305\" class=\"wp-image-94\" style=\"width: 150px;\" src=\"http:\/\/1001productions.net\/wp-content\/uploads\/2022\/05\/parfum.jpg\" alt=\"\" srcset=\"http:\/\/1001productions.net\/wp-content\/uploads\/2022\/05\/parfum.jpg 229w, http:\/\/1001productions.net\/wp-content\/uploads\/2022\/05\/parfum-225x300.jpg 225w\" sizes=\"(max-width: 229px) 100vw, 229px\" \/><br><strong>PARFUM DE PRINTEMPS<\/strong>\u00a0de F\u00e9rid Bough\u00e9dir (avril 2016)<br>Avec Zied Ayadi et Sarra Hannachi.<strong>\u00a0<\/strong><br><br><br><img loading=\"lazy\" width=\"229\" height=\"333\" class=\"wp-image-96\" style=\"width: 150px;\" src=\"http:\/\/1001productions.net\/wp-content\/uploads\/2022\/05\/leschevres.jpg\" alt=\"\" srcset=\"http:\/\/1001productions.net\/wp-content\/uploads\/2022\/05\/leschevres.jpg 229w, http:\/\/1001productions.net\/wp-content\/uploads\/2022\/05\/leschevres-206x300.jpg 206w\" sizes=\"(max-width: 229px) 100vw, 229px\" \/><br><strong>LES CHEVRES DE MA MERE\u00a0<\/strong>de Sophie Audier (2014)\u00a0<br>Long m\u00e9trage documentaire<br><strong><em>Grand Prix documentaire festival2Valenciennes <\/em><\/strong><br><strong><em>Nomination C\u00e9sar du meilleur film documentaire 2014<\/em><\/strong>\u00a0<br><br><br><img loading=\"lazy\" width=\"229\" height=\"306\" class=\"wp-image-97\" style=\"width: 150px;\" src=\"http:\/\/1001productions.net\/wp-content\/uploads\/2022\/05\/nosheros.jpg\" alt=\"\" srcset=\"http:\/\/1001productions.net\/wp-content\/uploads\/2022\/05\/nosheros.jpg 229w, http:\/\/1001productions.net\/wp-content\/uploads\/2022\/05\/nosheros-225x300.jpg 225w\" sizes=\"(max-width: 229px) 100vw, 229px\" \/><br><strong>NOS H\u00c9ROS SONT MORTS CE SOIR\u00a0<\/strong>de David Perrault (2013)<br>Avec Denis M\u00e9nochet, Jean-Pierre Martins, Alice Barnole.<br><strong><em>En s\u00e9lection au festival de Cannes 2013 \u2013 Semaine de la Critique<\/em><\/strong>\u00a0<br><br><br><img loading=\"lazy\" width=\"229\" height=\"343\" class=\"wp-image-98\" style=\"width: 150px;\" src=\"http:\/\/1001productions.net\/wp-content\/uploads\/2022\/05\/nesma.jpg\" alt=\"\" srcset=\"http:\/\/1001productions.net\/wp-content\/uploads\/2022\/05\/nesma.jpg 229w, http:\/\/1001productions.net\/wp-content\/uploads\/2022\/05\/nesma-200x300.jpg 200w\" sizes=\"(max-width: 229px) 100vw, 229px\" \/><br><strong>NESMA\u00a0<\/strong>de Homeida Behi (2013)<br>Avec Aure Atika et Farid Elouardi<strong>\u00a0<\/strong><br><br><br><img loading=\"lazy\" width=\"229\" height=\"305\" class=\"wp-image-133\" style=\"width: 150px;\" src=\"http:\/\/1001productions.net\/wp-content\/uploads\/2022\/05\/drift.jpg\" alt=\"\" srcset=\"http:\/\/1001productions.net\/wp-content\/uploads\/2022\/05\/drift.jpg 229w, http:\/\/1001productions.net\/wp-content\/uploads\/2022\/05\/drift-225x300.jpg 225w\" sizes=\"(max-width: 229px) 100vw, 229px\" \/><br><strong>DRIFT AWAY\u00a0<\/strong>de Daniel Sicard (2012)<br>Avec Laurent Lacotte, Laetitia Spigarelli, Thomas Blanchard.<br><br><br><img loading=\"lazy\" width=\"231\" height=\"308\" class=\"wp-image-134\" style=\"width: 150px;\" src=\"http:\/\/1001productions.net\/wp-content\/uploads\/2022\/05\/macompagne.jpg\" alt=\"\" srcset=\"http:\/\/1001productions.net\/wp-content\/uploads\/2022\/05\/macompagne.jpg 231w, http:\/\/1001productions.net\/wp-content\/uploads\/2022\/05\/macompagne-225x300.jpg 225w\" sizes=\"(max-width: 231px) 100vw, 231px\" \/><br><strong>MA COMPAGNE DE NUIT\u00a0<\/strong>de Isabelle Brocard (2011)<br>Avec Emmanuelle B\u00e9art, Hafsia Herzi.<br><em>Laur\u00e9at de la 10<sup>\u00e8me<\/sup>\u00a0session d\u2019Emergence 2008<\/em>\u00a0<br><br><br><img loading=\"lazy\" width=\"231\" height=\"308\" class=\"wp-image-135\" style=\"width: 150px;\" src=\"http:\/\/1001productions.net\/wp-content\/uploads\/2022\/05\/lefil.jpg\" alt=\"\" srcset=\"http:\/\/1001productions.net\/wp-content\/uploads\/2022\/05\/lefil.jpg 231w, http:\/\/1001productions.net\/wp-content\/uploads\/2022\/05\/lefil-225x300.jpg 225w\" sizes=\"(max-width: 231px) 100vw, 231px\" \/><br><strong>LE FIL<\/strong>\u00a0de Mehdi Ben Attia (2010)<br>Avec Claudia Cardinale, Antonin Stahly, Salim Kechiouche<br><em>En s\u00e9lection au festival d\u2019Angoul\u00eame 2009<\/em>\u00a0<br><br><br><img loading=\"lazy\" width=\"232\" height=\"309\" class=\"wp-image-136\" style=\"width: 150px;\" src=\"http:\/\/1001productions.net\/wp-content\/uploads\/2022\/05\/larobe.jpg\" alt=\"\" srcset=\"http:\/\/1001productions.net\/wp-content\/uploads\/2022\/05\/larobe.jpg 232w, http:\/\/1001productions.net\/wp-content\/uploads\/2022\/05\/larobe-225x300.jpg 225w\" sizes=\"(max-width: 232px) 100vw, 232px\" \/><br><strong>LA ROBE DU SOIR\u00a0<\/strong>de Myriam Aziza (2010)<br>Avec Lio, Alba Gaia Bellugi<br><em>Prix Sp\u00e9cial du jury au festival de Sal\u00e9 au Maroc<\/em>\u00a0<br><br><br><img loading=\"lazy\" width=\"232\" height=\"309\" class=\"wp-image-137\" style=\"width: 150px;\" src=\"http:\/\/1001productions.net\/wp-content\/uploads\/2022\/05\/jeveuxvoir.jpg\" alt=\"\" srcset=\"http:\/\/1001productions.net\/wp-content\/uploads\/2022\/05\/jeveuxvoir.jpg 232w, http:\/\/1001productions.net\/wp-content\/uploads\/2022\/05\/jeveuxvoir-225x300.jpg 225w\" sizes=\"(max-width: 232px) 100vw, 232px\" \/><br><strong>JE VEUX VOIR<em>\u00a0<\/em><\/strong>de Joana Hadjithomas et Khalil Joreige (2008)<br>Avec Catherine Deneuve, Rabih Mrou\u00e9.<br><strong><em>En s\u00e9lection officielle Un certain regard &#8211; Cannes 2008\u00a0<\/em><\/strong><br><br><br><img loading=\"lazy\" width=\"220\" height=\"293\" class=\"wp-image-138\" style=\"width: 150px;\" src=\"http:\/\/1001productions.net\/wp-content\/uploads\/2022\/05\/leplaisir.jpg\" alt=\"\"><br><strong>LE PLAISIR DE CHANTER<\/strong>\u00a0de Ilan Duran Cohen (2008)<br>Avec Marina Fo\u00efs, Lor\u00e0nt Deutsch, Jeanne Balibar.<br><em>S\u00e9lection au Festival D\u2019Istanbul, Festival de Rome.<\/em><br><br><br><img loading=\"lazy\" width=\"225\" height=\"300\" class=\"wp-image-139\" style=\"width: 150px;\" src=\"http:\/\/1001productions.net\/wp-content\/uploads\/2022\/05\/andalucia.jpg\" alt=\"\"><br><strong>ANDALUCIA\u00a0<\/strong>d\u2019Alain Gomis (2008)<br>Avec Samir Guesmi, Delphine Zingg.<br><strong><em>Festival de Venise Venice Days 2009.<\/em><\/strong><em>\u00a0Prix du public au Festival de Belfort, Prix d\u2019interpr\u00e9tation masculine au Festival international du film francophone de Namur 2007, Prix de L\u2019Age d\u2019Or \u00e0 Bruxelles, Festival de Rotterdam.\u00a0<\/em><br><br><br><img loading=\"lazy\" width=\"208\" height=\"277\" class=\"wp-image-140\" style=\"width: 150px;\" src=\"http:\/\/1001productions.net\/wp-content\/uploads\/2022\/05\/algerie.jpg\" alt=\"\"><br><strong>ALG\u00c9RIE, HISTOIRES \u00c0 NE PAS DIRE<\/strong> de Jean-Pierre Lledo (2008)<br>Long m\u00e9trage documentaire<br><em>Festival de Toronto 2007, Festival vues d\u2019Afrique de Montr\u00e9al, Festival de Tribeca 2008, Festival de J\u00e9rusalem 2008.\u00a0<\/em><br><br><br><img loading=\"lazy\" width=\"225\" height=\"300\" class=\"wp-image-141\" style=\"width: 150px;\" src=\"http:\/\/1001productions.net\/wp-content\/uploads\/2022\/05\/departiculier.jpg\" alt=\"\"><br><strong>DE PARTICULIER \u00c0 PARTICULIER\u00a0<\/strong>de Brice Cauvin (2006)<br>Avec Laurent Lucas, H\u00e9l\u00e8ne Filli\u00e8res, Anouk Aim\u00e9e et Julie Gayet.<br><em>En s\u00e9lection officielle au\u00a0<strong>Festival de Berlin<\/strong><\/em><strong>\u00a0<em>2007<\/em><\/strong><br><br><br><img loading=\"lazy\" width=\"225\" height=\"300\" class=\"wp-image-142\" style=\"width: 150px;\" src=\"http:\/\/1001productions.net\/wp-content\/uploads\/2022\/05\/aperfectday.jpg\" alt=\"\"><br><strong>A PERFECT DAY<\/strong>de Khalil Joreige et Joana Hadjithomas (2006)<br>Avec Ziad Saad, Julia Kassar, Alexandra Kahwagi <br><strong><em>Prix Fipresci &#8211; Prix Don Quichotte, Festival International du film de Locarno 2005<\/em><\/strong><em>\u00a0&#8211;\u00a0\u00a0Meilleur acteur, Festival de Namur 2005 &#8211; En s\u00e9lection officielle au Festival International du film de Toronto 2005<\/em><strong>\u00a0<\/strong><br><br><br><img loading=\"lazy\" width=\"227\" height=\"302\" class=\"wp-image-143\" style=\"width: 150px;\" src=\"http:\/\/1001productions.net\/wp-content\/uploads\/2022\/05\/lecauchemar.jpg\" alt=\"\" srcset=\"http:\/\/1001productions.net\/wp-content\/uploads\/2022\/05\/lecauchemar.jpg 227w, http:\/\/1001productions.net\/wp-content\/uploads\/2022\/05\/lecauchemar-225x300.jpg 225w\" sizes=\"(max-width: 227px) 100vw, 227px\" \/><br><strong>LE CAUCHEMAR DE DARWIN<\/strong> de Hubert Sauper (2005)<br>Long m\u00e9trage documentaire<br><em>Vainqueur du European Film Academy Documentary, Venise : prix Label Cin\u00e9ma\u2013Europa, prix du meilleur documentaire Montr\u00e9al, prix du meilleur film Viennale, Prix du public au Festival de Belfort\u2026\u00a0<\/em><strong><em>C\u00e9sar du meilleur premier film<\/em><\/strong><em> <strong>2006<\/strong>\u00a0\u2013\u00a0<strong>Nomination aux Oscars\u00a0<\/strong>dans la cat\u00e9gorie meilleur documentaire<\/em> <em>2006.<\/em><br><br><br><img loading=\"lazy\" width=\"225\" height=\"300\" class=\"wp-image-144\" style=\"width: 150px;\" src=\"http:\/\/1001productions.net\/wp-content\/uploads\/2022\/05\/lafrance.jpg\" alt=\"\"><br><strong>L\u2019AFRANCE\u00a0<\/strong>de Alain Gomis (2002)<br>Avec Djolof Mbengue, Delphine Zingg<br><strong><em>L\u00e9opard du meilleur premier film Locarno 2001<\/em><\/strong><em>,\u00a0<strong>Bayard d\u2019or<\/strong>\u00a0du meilleur film Namur 2001, s\u00e9lection officielle SUNDANCE 2002<\/em>\u00a0\u00a0<br><br><br><img loading=\"lazy\" width=\"225\" height=\"307\" class=\"wp-image-145\" style=\"width: 150px;\" src=\"http:\/\/1001productions.net\/wp-content\/uploads\/2022\/05\/autour_de_la_maison_rose.jpg\" alt=\"\" srcset=\"http:\/\/1001productions.net\/wp-content\/uploads\/2022\/05\/autour_de_la_maison_rose.jpg 225w, http:\/\/1001productions.net\/wp-content\/uploads\/2022\/05\/autour_de_la_maison_rose-220x300.jpg 220w\" sizes=\"(max-width: 225px) 100vw, 225px\" \/><br><strong>AUTOUR DE LA MAISON ROSE<\/strong> de Khalil Joreige et Joana Hadjithomas (1999)<br>Avec Joseph Bou Nassar, Rabih Mrou\u00e9, Hanane Abboud<br><br><br><strong><em>Coproductions internationales<\/em><\/strong><br><br><strong>BRUTTI E CATTIVI<\/strong>\u00a0de Cosimo Gomez\u00a0(2017) (Italie France)<br>Avec Marco D\u2019Amore, Sara Serraiocco et Claudi Santamaria<br>Avec le soutien d&rsquo;<em>EURIMAGES<\/em><strong>\u00a0<\/strong><br><br><strong>THE LEBANESE ROCKET SOCIETY<\/strong>\u00a0de Khalil Joreige et Joana Hadjithomas\u00a0(2013) (Liban France)<br>Long m\u00e9trage documentaire<strong>\u00a0<\/strong><br><br><strong>EL PREMIO<\/strong>\u00a0de Paula Markovitch (2013) (Argentine France)<br>Avec Laura Agorreca, Viviana Suraniti, Sharon Herrer\u00a0<br><em>En comp\u00e9tition officielle &#8211; 2 Ours d\u2019argent au Festival de<strong>\u00a0Berlin 2011<\/strong><\/em>\u00a0\u00a0\u00a0\u00a0<br><\/td><\/tr><\/tbody><\/table><\/figure>\n<\/div><\/div>\n","protected":false},"excerpt":{"rendered":"<p>SEULE AUTOUR DU MONDE\u00a0d\u2019Edouard Mauriat (2022)Long m\u00e9trage documentaire\u00a0 OCEAN FIFTY SAISON 1 : 4 x 52 minutes d&rsquo;Edouard Mauriat (2022)S\u00e9rie documentaire de sport diffus\u00e9e sur Canal Plus et MyCanal SLALOM\u00a0de Charl\u00e8ne Favier (2021)Avec No\u00e9 Abita et J\u00e9r\u00e9mie R\u00e9nier En s\u00e9lection officielle &#8211; Festival de Cannes 2020 Nomination C\u00e9sar du meilleur premier film et r\u00e9v\u00e9lation f\u00e9minine &hellip; <a href=\"http:\/\/1001productions.net\/index.php\/filmographie\/\" class=\"more-link\">Continuer la lecture de <span class=\"screen-reader-text\">Filmographie<\/span><\/a><\/p>\n","protected":false},"author":1,"featured_media":0,"parent":0,"menu_order":0,"comment_status":"closed","ping_status":"open","template":"","meta":[],"_links":{"self":[{"href":"http:\/\/1001productions.net\/index.php\/wp-json\/wp\/v2\/pages\/40"}],"collection":[{"href":"http:\/\/1001productions.net\/index.php\/wp-json\/wp\/v2\/pages"}],"about":[{"href":"http:\/\/1001productions.net\/index.php\/wp-json\/wp\/v2\/types\/page"}],"author":[{"embeddable":true,"href":"http:\/\/1001productions.net\/index.php\/wp-json\/wp\/v2\/users\/1"}],"replies":[{"embeddable":true,"href":"http:\/\/1001productions.net\/index.php\/wp-json\/wp\/v2\/comments?post=40"}],"version-history":[{"count":21,"href":"http:\/\/1001productions.net\/index.php\/wp-json\/wp\/v2\/pages\/40\/revisions"}],"predecessor-version":[{"id":154,"href":"http:\/\/1001productions.net\/index.php\/wp-json\/wp\/v2\/pages\/40\/revisions\/154"}],"wp:attachment":[{"href":"http:\/\/1001productions.net\/index.php\/wp-json\/wp\/v2\/media?parent=40"}],"curies":[{"name":"wp","href":"https:\/\/api.w.org\/{rel}","templated":true}]}}